{"id":8906,"date":"2026-09-01T15:52:10","date_gmt":"2026-09-01T13:52:10","guid":{"rendered":"https:\/\/blog.rwth-aachen.de\/forschungsdaten\/?post_type=tribe_events&#038;p=8906"},"modified":"2026-09-01T15:52:10","modified_gmt":"2026-09-01T13:52:10","slug":"tag-der-forschungsdaten-in-nrw-2026","status":"publish","type":"tribe_events","link":"https:\/\/blog.rwth-aachen.de\/forschungsdaten\/event\/tag-der-forschungsdaten-in-nrw-2026\/","title":{"rendered":"Tag der Forschungsdaten in NRW 2026"},"content":{"rendered":"<p>Am 10. November 2026 laden das FDM-Team der RWTH, das Forschungszentrum J\u00fclich und das Datenkompetenzzentrum DKZ.2R gemeinsam unter dem Motto \u201eBegib dich auf die Reise: Mit deinen Daten gut unterwegs\u201c\u00a0 zu einem abwechslungsreichen und inspirierenden Informationsevent f\u00fcr Forschende ins SuperC ein.<\/p>\n<p>Entdecken Sie praktische Werkzeuge, hilfreiche Services und bew\u00e4hrte Methoden, die Sie in den verschiedenen Phasen Ihres Forschungsprojekts unterst\u00fctzen. Data Stewards, das FDM-Team sowie FDM-erfahrene Kolleginnen und Kollegen an der RWTH und am FZJ beantworten Ihre Fragen und teilen ihre Erfahrungen aus der Praxis.<\/p>\n<p>Freuen Sie sich auf Live-Demonstrationen von FDM-Tools, individuelle Beratungen und hilfreiche Materialien zum Mitnehmen. Um folgende Themen geht es:<\/p>\n<ul>\n<li>F\u00f6rderanforderungen und Antragstexte<\/li>\n<li>Daten speichern, strukturieren und versionieren<\/li>\n<li>Metadaten und semantische Technologien<\/li>\n<li>Forschungsprozesse mit elektronischen Laborb\u00fcchern (ELN) dokumentieren<\/li>\n<li>Daten und Software lizenzieren und publizieren<\/li>\n<\/ul>\n<p>Lassen Sie sich inspirieren und erfahren Sie, wie gutes Forschungsdatenmanagement Ihre Forschungsreise unterst\u00fctzt: Der Captain\u2019s Talk ordnet die Bedeutung des Forschungsdatenmanagements ein und gibt Orientierung zu den FDM-Angeboten an der RWTH Aachen und am Forschungszentrum J\u00fclich. Der Reisebericht aus der Forschung erz\u00e4hlt von Herausforderungen, \u00dcberlegungen und Lessons Learned auf dem Weg zu einer n\u00fctzlichen Datenpublikation. Au\u00dferdem erfahren Sie, wie diese Erfahrungen zu einem verbesserten Umgang mit Forschungsdaten und zu Arbeitserleichterungen in zuk\u00fcnftigen Projekten beitragen.<\/p>\n<p>Die Anmeldung ist \u00fcber die Veranstaltungsdatenbank m\u00f6glich.<\/p>\n<p>Weitere Informationen zu der Veranstaltung finden Sie auf der <a href=\"https:\/\/www.rwth-aachen.de\/cms\/root\/forschung\/angebote-fuer-forschende\/forschungsdaten-und-information\/forschungsdatenmanagement-fdm\/fdm-veranstaltungen\/~bskbqx\/tag-der-forschungsdaten-in-nrw\/\">Veranstaltungsseite<\/a>.<\/p>","protected":false},"excerpt":{"rendered":"<p>Am 10. November 2026 laden das FDM-Team der RWTH, das Forschungszentrum J\u00fclich und das Datenkompetenzzentrum DKZ.2R gemeinsam unter dem Motto \u201eBegib dich auf die Reise: Mit deinen Daten gut unterwegs\u201c\u00a0 [&hellip;]<\/p>\n","protected":false},"author":3522,"featured_media":0,"template":"","meta":{"_tribe_events_status":"","_tribe_events_status_reason":"","footnotes":""},"tags":[549,161,1007],"tribe_events_cat":[],"class_list":["post-8906","tribe_events","type-tribe_events","status-publish","hentry","tag-dkz-2r","tag-fdm","tag-tag-der-forschungsdaten-2026"],"aioseo_notices":[],"aioseo_head":"\n\t\t<!-- All in One SEO 4.9.8 - aioseo.com -->\n\t<meta name=\"description\" content=\"Am 10. November 2026 findet mit dem Tag der Forschungsdaten in NRW ein abwechslungsreiches und inspirierendes Informationsevent f\u00fcr Forschende im SuperC statt.\" \/>\n\t<meta name=\"robots\" content=\"max-image-preview:large\" \/>\n\t<meta name=\"author\" content=\"Faber, Hedda\"\/>\n\t<link rel=\"canonical\" href=\"https:\/\/blog.rwth-aachen.de\/forschungsdaten\/event\/tag-der-forschungsdaten-in-nrw-2026\/\" \/>\n\t<meta name=\"generator\" content=\"All in One SEO (AIOSEO) 4.9.8\" \/>\n\t\t<meta property=\"og:locale\" content=\"de_DE\" \/>\n\t\t<meta property=\"og:site_name\" content=\"Forschungsdaten \u2013 Aktuelles und Wissenswertes - ein Service f\u00fcr die RWTH Aachen University\" \/>\n\t\t<meta property=\"og:type\" content=\"article\" \/>\n\t\t<meta property=\"og:title\" content=\"Tag der Forschungsdaten in NRW 2026\" \/>\n\t\t<meta property=\"og:description\" content=\"Am 10. November 2026 findet mit dem Tag der Forschungsdaten in NRW ein abwechslungsreiches und inspirierendes Informationsevent f\u00fcr Forschende im SuperC statt.\" \/>\n\t\t<meta property=\"og:url\" content=\"https:\/\/blog.rwth-aachen.de\/forschungsdaten\/event\/tag-der-forschungsdaten-in-nrw-2026\/\" \/>\n\t\t<meta property=\"article:published_time\" content=\"2026-09-01T13:52:10+00:00\" \/>\n\t\t<meta property=\"article:modified_time\" content=\"2026-09-01T13:52:10+00:00\" \/>\n\t\t<meta name=\"twitter:card\" content=\"summary_large_image\" \/>\n\t\t<meta name=\"twitter:title\" content=\"Tag der Forschungsdaten in NRW 2026\" \/>\n\t\t<meta name=\"twitter:description\" content=\"Am 10. November 2026 findet mit dem Tag der Forschungsdaten in NRW ein abwechslungsreiches und inspirierendes Informationsevent f\u00fcr Forschende im SuperC statt.\" \/>\n\t\t<script type=\"application\/ld+json\" class=\"aioseo-schema\">\n\t\t\t{\"@context\":\"https:\\\/\\\/schema.org\",\"@graph\":[{\"@type\":\"BreadcrumbList\",\"@id\":\"https:\\\/\\\/blog.rwth-aachen.de\\\/forschungsdaten\\\/event\\\/tag-der-forschungsdaten-in-nrw-2026\\\/#breadcrumblist\",\"itemListElement\":[{\"@type\":\"ListItem\",\"@id\":\"https:\\\/\\\/blog.rwth-aachen.de\\\/forschungsdaten#listItem\",\"position\":1,\"name\":\"Home\",\"item\":\"https:\\\/\\\/blog.rwth-aachen.de\\\/forschungsdaten\",\"nextItem\":{\"@type\":\"ListItem\",\"@id\":\"https:\\\/\\\/blog.rwth-aachen.de\\\/forschungsdaten\\\/events\\\/#listItem\",\"name\":\"Veranstaltungen\"}},{\"@type\":\"ListItem\",\"@id\":\"https:\\\/\\\/blog.rwth-aachen.de\\\/forschungsdaten\\\/events\\\/#listItem\",\"position\":2,\"name\":\"Veranstaltungen\",\"item\":\"https:\\\/\\\/blog.rwth-aachen.de\\\/forschungsdaten\\\/events\\\/\",\"nextItem\":{\"@type\":\"ListItem\",\"@id\":\"https:\\\/\\\/blog.rwth-aachen.de\\\/forschungsdaten\\\/tag\\\/fdm\\\/#listItem\",\"name\":\"FDM\"},\"previousItem\":{\"@type\":\"ListItem\",\"@id\":\"https:\\\/\\\/blog.rwth-aachen.de\\\/forschungsdaten#listItem\",\"name\":\"Home\"}},{\"@type\":\"ListItem\",\"@id\":\"https:\\\/\\\/blog.rwth-aachen.de\\\/forschungsdaten\\\/tag\\\/fdm\\\/#listItem\",\"position\":3,\"name\":\"FDM\",\"item\":\"https:\\\/\\\/blog.rwth-aachen.de\\\/forschungsdaten\\\/tag\\\/fdm\\\/\",\"nextItem\":{\"@type\":\"ListItem\",\"@id\":\"https:\\\/\\\/blog.rwth-aachen.de\\\/forschungsdaten\\\/event\\\/tag-der-forschungsdaten-in-nrw-2026\\\/#listItem\",\"name\":\"Tag der Forschungsdaten in NRW 2026\"},\"previousItem\":{\"@type\":\"ListItem\",\"@id\":\"https:\\\/\\\/blog.rwth-aachen.de\\\/forschungsdaten\\\/events\\\/#listItem\",\"name\":\"Veranstaltungen\"}},{\"@type\":\"ListItem\",\"@id\":\"https:\\\/\\\/blog.rwth-aachen.de\\\/forschungsdaten\\\/event\\\/tag-der-forschungsdaten-in-nrw-2026\\\/#listItem\",\"position\":4,\"name\":\"Tag der Forschungsdaten in NRW 2026\",\"previousItem\":{\"@type\":\"ListItem\",\"@id\":\"https:\\\/\\\/blog.rwth-aachen.de\\\/forschungsdaten\\\/tag\\\/fdm\\\/#listItem\",\"name\":\"FDM\"}}]},{\"@type\":\"Organization\",\"@id\":\"https:\\\/\\\/blog.rwth-aachen.de\\\/forschungsdaten\\\/#organization\",\"name\":\"Forschungsdaten - Aktuelles und Wissenswertes\",\"description\":\"ein Service f\\u00fcr die RWTH Aachen University\",\"url\":\"https:\\\/\\\/blog.rwth-aachen.de\\\/forschungsdaten\\\/\"},{\"@type\":\"Person\",\"@id\":\"https:\\\/\\\/blog.rwth-aachen.de\\\/forschungsdaten\\\/author\\\/3522\\\/#author\",\"url\":\"https:\\\/\\\/blog.rwth-aachen.de\\\/forschungsdaten\\\/author\\\/3522\\\/\",\"name\":\"Faber, Hedda\",\"image\":{\"@type\":\"ImageObject\",\"@id\":\"https:\\\/\\\/blog.rwth-aachen.de\\\/forschungsdaten\\\/event\\\/tag-der-forschungsdaten-in-nrw-2026\\\/#authorImage\",\"url\":\"https:\\\/\\\/secure.gravatar.com\\\/avatar\\\/2117b7918acece349ff5d46719acb6a9fd853dfda67b4644e9158e4ae71db181?s=96&d=mm&r=g\",\"width\":96,\"height\":96,\"caption\":\"Faber, Hedda\"}},{\"@type\":\"WebPage\",\"@id\":\"https:\\\/\\\/blog.rwth-aachen.de\\\/forschungsdaten\\\/event\\\/tag-der-forschungsdaten-in-nrw-2026\\\/#webpage\",\"url\":\"https:\\\/\\\/blog.rwth-aachen.de\\\/forschungsdaten\\\/event\\\/tag-der-forschungsdaten-in-nrw-2026\\\/\",\"name\":\"Tag der Forschungsdaten in NRW 2026\",\"description\":\"Am 10. November 2026 findet mit dem Tag der Forschungsdaten in NRW ein abwechslungsreiches und inspirierendes Informationsevent f\\u00fcr Forschende im SuperC statt.\",\"inLanguage\":\"de-DE\",\"isPartOf\":{\"@id\":\"https:\\\/\\\/blog.rwth-aachen.de\\\/forschungsdaten\\\/#website\"},\"breadcrumb\":{\"@id\":\"https:\\\/\\\/blog.rwth-aachen.de\\\/forschungsdaten\\\/event\\\/tag-der-forschungsdaten-in-nrw-2026\\\/#breadcrumblist\"},\"author\":{\"@id\":\"https:\\\/\\\/blog.rwth-aachen.de\\\/forschungsdaten\\\/author\\\/3522\\\/#author\"},\"creator\":{\"@id\":\"https:\\\/\\\/blog.rwth-aachen.de\\\/forschungsdaten\\\/author\\\/3522\\\/#author\"},\"datePublished\":\"2026-09-01T15:52:10+02:00\",\"dateModified\":\"2026-09-01T15:52:10+02:00\"},{\"@type\":\"WebSite\",\"@id\":\"https:\\\/\\\/blog.rwth-aachen.de\\\/forschungsdaten\\\/#website\",\"url\":\"https:\\\/\\\/blog.rwth-aachen.de\\\/forschungsdaten\\\/\",\"name\":\"Forschungsdaten - Aktuelles und Wissenswertes\",\"description\":\"ein Service f\\u00fcr die RWTH Aachen University\",\"inLanguage\":\"de-DE\",\"publisher\":{\"@id\":\"https:\\\/\\\/blog.rwth-aachen.de\\\/forschungsdaten\\\/#organization\"}}]}\n\t\t<\/script>\n\t\t<!-- All in One SEO -->\n\n","aioseo_head_json":{"title":"Tag der Forschungsdaten in NRW 2026","description":"Am 10. November 2026 findet mit dem Tag der Forschungsdaten in NRW ein abwechslungsreiches und inspirierendes Informationsevent f\u00fcr Forschende im SuperC statt.","canonical_url":"https:\/\/blog.rwth-aachen.de\/forschungsdaten\/event\/tag-der-forschungsdaten-in-nrw-2026\/","robots":"max-image-preview:large","keywords":"","webmasterTools":{"miscellaneous":""},"schema":{"@context":"https:\/\/schema.org","@graph":[{"@type":"BreadcrumbList","@id":"https:\/\/blog.rwth-aachen.de\/forschungsdaten\/event\/tag-der-forschungsdaten-in-nrw-2026\/#breadcrumblist","itemListElement":[{"@type":"ListItem","@id":"https:\/\/blog.rwth-aachen.de\/forschungsdaten#listItem","position":1,"name":"Home","item":"https:\/\/blog.rwth-aachen.de\/forschungsdaten","nextItem":{"@type":"ListItem","@id":"https:\/\/blog.rwth-aachen.de\/forschungsdaten\/events\/#listItem","name":"Veranstaltungen"}},{"@type":"ListItem","@id":"https:\/\/blog.rwth-aachen.de\/forschungsdaten\/events\/#listItem","position":2,"name":"Veranstaltungen","item":"https:\/\/blog.rwth-aachen.de\/forschungsdaten\/events\/","nextItem":{"@type":"ListItem","@id":"https:\/\/blog.rwth-aachen.de\/forschungsdaten\/tag\/fdm\/#listItem","name":"FDM"},"previousItem":{"@type":"ListItem","@id":"https:\/\/blog.rwth-aachen.de\/forschungsdaten#listItem","name":"Home"}},{"@type":"ListItem","@id":"https:\/\/blog.rwth-aachen.de\/forschungsdaten\/tag\/fdm\/#listItem","position":3,"name":"FDM","item":"https:\/\/blog.rwth-aachen.de\/forschungsdaten\/tag\/fdm\/","nextItem":{"@type":"ListItem","@id":"https:\/\/blog.rwth-aachen.de\/forschungsdaten\/event\/tag-der-forschungsdaten-in-nrw-2026\/#listItem","name":"Tag der Forschungsdaten in NRW 2026"},"previousItem":{"@type":"ListItem","@id":"https:\/\/blog.rwth-aachen.de\/forschungsdaten\/events\/#listItem","name":"Veranstaltungen"}},{"@type":"ListItem","@id":"https:\/\/blog.rwth-aachen.de\/forschungsdaten\/event\/tag-der-forschungsdaten-in-nrw-2026\/#listItem","position":4,"name":"Tag der Forschungsdaten in NRW 2026","previousItem":{"@type":"ListItem","@id":"https:\/\/blog.rwth-aachen.de\/forschungsdaten\/tag\/fdm\/#listItem","name":"FDM"}}]},{"@type":"Organization","@id":"https:\/\/blog.rwth-aachen.de\/forschungsdaten\/#organization","name":"Forschungsdaten - Aktuelles und Wissenswertes","description":"ein Service f\u00fcr die RWTH Aachen University","url":"https:\/\/blog.rwth-aachen.de\/forschungsdaten\/"},{"@type":"Person","@id":"https:\/\/blog.rwth-aachen.de\/forschungsdaten\/author\/3522\/#author","url":"https:\/\/blog.rwth-aachen.de\/forschungsdaten\/author\/3522\/","name":"Faber, Hedda","image":{"@type":"ImageObject","@id":"https:\/\/blog.rwth-aachen.de\/forschungsdaten\/event\/tag-der-forschungsdaten-in-nrw-2026\/#authorImage","url":"https:\/\/secure.gravatar.com\/avatar\/2117b7918acece349ff5d46719acb6a9fd853dfda67b4644e9158e4ae71db181?s=96&d=mm&r=g","width":96,"height":96,"caption":"Faber, Hedda"}},{"@type":"WebPage","@id":"https:\/\/blog.rwth-aachen.de\/forschungsdaten\/event\/tag-der-forschungsdaten-in-nrw-2026\/#webpage","url":"https:\/\/blog.rwth-aachen.de\/forschungsdaten\/event\/tag-der-forschungsdaten-in-nrw-2026\/","name":"Tag der Forschungsdaten in NRW 2026","description":"Am 10. November 2026 findet mit dem Tag der Forschungsdaten in NRW ein abwechslungsreiches und inspirierendes Informationsevent f\u00fcr Forschende im SuperC statt.","inLanguage":"de-DE","isPartOf":{"@id":"https:\/\/blog.rwth-aachen.de\/forschungsdaten\/#website"},"breadcrumb":{"@id":"https:\/\/blog.rwth-aachen.de\/forschungsdaten\/event\/tag-der-forschungsdaten-in-nrw-2026\/#breadcrumblist"},"author":{"@id":"https:\/\/blog.rwth-aachen.de\/forschungsdaten\/author\/3522\/#author"},"creator":{"@id":"https:\/\/blog.rwth-aachen.de\/forschungsdaten\/author\/3522\/#author"},"datePublished":"2026-09-01T15:52:10+02:00","dateModified":"2026-09-01T15:52:10+02:00"},{"@type":"WebSite","@id":"https:\/\/blog.rwth-aachen.de\/forschungsdaten\/#website","url":"https:\/\/blog.rwth-aachen.de\/forschungsdaten\/","name":"Forschungsdaten - Aktuelles und Wissenswertes","description":"ein Service f\u00fcr die RWTH Aachen University","inLanguage":"de-DE","publisher":{"@id":"https:\/\/blog.rwth-aachen.de\/forschungsdaten\/#organization"}}]},"og:locale":"de_DE","og:site_name":"Forschungsdaten \u2013 Aktuelles und Wissenswertes - ein Service f\u00fcr die RWTH Aachen University","og:type":"article","og:title":"Tag der Forschungsdaten in NRW 2026","og:description":"Am 10. November 2026 findet mit dem Tag der Forschungsdaten in NRW ein abwechslungsreiches und inspirierendes Informationsevent f\u00fcr Forschende im SuperC statt.","og:url":"https:\/\/blog.rwth-aachen.de\/forschungsdaten\/event\/tag-der-forschungsdaten-in-nrw-2026\/","article:published_time":"2026-09-01T13:52:10+00:00","article:modified_time":"2026-09-01T13:52:10+00:00","twitter:card":"summary_large_image","twitter:title":"Tag der Forschungsdaten in NRW 2026","twitter:description":"Am 10. November 2026 findet mit dem Tag der Forschungsdaten in NRW ein abwechslungsreiches und inspirierendes Informationsevent f\u00fcr Forschende im SuperC statt."},"aioseo_meta_data":{"post_id":"8906","title":"#post_title","description":"Am 10. November 2026 findet mit dem Tag der Forschungsdaten in NRW ein abwechslungsreiches und inspirierendes Informationsevent f\u00fcr Forschende im SuperC statt.","keywords":null,"keyphrases":{"focus":{"keyphrase":"Forschungsdaten","score":88,"analysis":{"keyphraseInTitle":{"score":9,"maxScore":9,"error":0},"keyphraseInDescription":{"score":9,"maxScore":9,"error":0},"keyphraseLength":{"score":9,"maxScore":9,"error":0,"length":1},"keyphraseInURL":{"score":5,"maxScore":5,"error":0},"keyphraseInIntroduction":{"score":3,"maxScore":9,"error":1},"keyphraseInSubHeadings":[],"keyphraseInImageAlt":[],"keywordDensity":{"type":"best","score":9,"maxScore":9,"error":0}}},"additional":[]},"primary_term":null,"canonical_url":null,"og_title":null,"og_description":null,"og_object_type":"default","og_image_type":"default","og_image_url":null,"og_image_width":null,"og_image_height":null,"og_image_custom_url":null,"og_image_custom_fields":null,"og_video":"","og_custom_url":null,"og_article_section":null,"og_article_tags":null,"twitter_use_og":false,"twitter_card":"default","twitter_image_type":"default","twitter_image_url":null,"twitter_image_custom_url":null,"twitter_image_custom_fields":null,"twitter_title":null,"twitter_description":null,"schema":{"blockGraphs":[],"customGraphs":[],"default":{"data":{"Article":[],"Course":[],"Dataset":[],"FAQPage":[],"Movie":[],"Person":[],"Product":[],"ProductReview":[],"Car":[],"Recipe":[],"Service":[],"SoftwareApplication":[],"WebPage":[]},"graphName":"WebPage","isEnabled":true},"graphs":[]},"schema_type":"default","schema_type_options":null,"pillar_content":false,"robots_default":true,"robots_noindex":false,"robots_noarchive":false,"robots_nosnippet":false,"robots_nofollow":false,"robots_noimageindex":false,"robots_noodp":false,"robots_notranslate":false,"robots_max_snippet":"-1","robots_max_videopreview":"-1","robots_max_imagepreview":"large","priority":null,"frequency":"default","local_seo":null,"limit_modified_date":false,"created":"2026-09-01 13:04:01","updated":"2026-09-01 13:52:10","ai":{"faqs":[],"keyPoints":[],"schemas":[],"titles":[],"descriptions":[],"socialPosts":{"email":[],"linkedin":[],"twitter":[],"facebook":[],"instagram":[]}},"breadcrumb_settings":null,"seo_analyzer_scan_date":null},"aioseo_breadcrumb":"<div class=\"aioseo-breadcrumbs\"><span class=\"aioseo-breadcrumb\">\n\t\t\t<a href=\"https:\/\/blog.rwth-aachen.de\/forschungsdaten\" title=\"Home\">Home<\/a>\n\t\t<\/span><span class=\"aioseo-breadcrumb-separator\">&raquo;<\/span><span class=\"aioseo-breadcrumb\">\n\t\t\t<a href=\"https:\/\/blog.rwth-aachen.de\/forschungsdaten\/events\/\" title=\"Veranstaltungen\">Veranstaltungen<\/a>\n\t\t<\/span><span class=\"aioseo-breadcrumb-separator\">&raquo;<\/span><span class=\"aioseo-breadcrumb\">\n\t\t\t<a href=\"https:\/\/blog.rwth-aachen.de\/forschungsdaten\/tag\/fdm\/\" title=\"FDM\">FDM<\/a>\n\t\t<\/span><span class=\"aioseo-breadcrumb-separator\">&raquo;<\/span><span class=\"aioseo-breadcrumb\">\n\t\t\tTag der Forschungsdaten in NRW 2026\n\t\t<\/span><\/div>","aioseo_breadcrumb_json":[{"label":"Home","link":"https:\/\/blog.rwth-aachen.de\/forschungsdaten"},{"label":"Veranstaltungen","link":"https:\/\/blog.rwth-aachen.de\/forschungsdaten\/events\/"},{"label":"FDM","link":"https:\/\/blog.rwth-aachen.de\/forschungsdaten\/tag\/fdm\/"},{"label":"Tag der Forschungsdaten in NRW 2026","link":"https:\/\/blog.rwth-aachen.de\/forschungsdaten\/event\/tag-der-forschungsdaten-in-nrw-2026\/"}],"_links":{"self":[{"href":"https:\/\/blog.rwth-aachen.de\/forschungsdaten\/wp-json\/wp\/v2\/tribe_events\/8906","targetHints":{"allow":["GET"]}}],"collection":[{"href":"https:\/\/blog.rwth-aachen.de\/forschungsdaten\/wp-json\/wp\/v2\/tribe_events"}],"about":[{"href":"https:\/\/blog.rwth-aachen.de\/forschungsdaten\/wp-json\/wp\/v2\/types\/tribe_events"}],"author":[{"embeddable":true,"href":"https:\/\/blog.rwth-aachen.de\/forschungsdaten\/wp-json\/wp\/v2\/users\/3522"}],"version-history":[{"count":2,"href":"https:\/\/blog.rwth-aachen.de\/forschungsdaten\/wp-json\/wp\/v2\/tribe_events\/8906\/revisions"}],"predecessor-version":[{"id":8920,"href":"https:\/\/blog.rwth-aachen.de\/forschungsdaten\/wp-json\/wp\/v2\/tribe_events\/8906\/revisions\/8920"}],"wp:attachment":[{"href":"https:\/\/blog.rwth-aachen.de\/forschungsdaten\/wp-json\/wp\/v2\/media?parent=8906"}],"wp:term":[{"taxonomy":"post_tag","embeddable":true,"href":"https:\/\/blog.rwth-aachen.de\/forschungsdaten\/wp-json\/wp\/v2\/tags?post=8906"},{"taxonomy":"tribe_events_cat","embeddable":true,"href":"https:\/\/blog.rwth-aachen.de\/forschungsdaten\/wp-json\/wp\/v2\/tribe_events_cat?post=8906"}],"curies":[{"name":"wp","href":"https:\/\/api.w.org\/{rel}","templated":true}]}}